{"id":153,"date":"2020-10-15T21:12:39","date_gmt":"2020-10-15T19:12:39","guid":{"rendered":"http:\/\/www.soledpro.cz\/?page_id=153"},"modified":"2024-05-30T10:06:53","modified_gmt":"2024-05-30T08:06:53","slug":"evropske-projekty","status":"publish","type":"page","link":"https:\/\/www.soledpro.cz\/de\/evropske-projekty\/","title":{"rendered":"Europ\u00e4ische Projekte"},"content":{"rendered":"<p>Das Implementierungsteam ber\u00e4t seine Kunden und Partner seit 2003 \u00fcber die M\u00f6glichkeit der Finanzierung ihrer Projekte durch europ\u00e4ische Fonds.<\/p>\n\n\n\n<p>Wir konzentrieren uns auf die folgenden Bereiche:<\/p>\n\n\n\n<ul class=\"wp-block-list\">\n<li>Unterst\u00fctzung der Investitionsentwicklung<\/li>\n\n\n\n<li>Innovationsf\u00f6rderung<\/li>\n\n\n\n<li>Unterst\u00fctzung von ICT-Technologie<\/li>\n\n\n\n<li>Unterst\u00fctzung der grenz\u00fcberschreitenden Zusammenarbeit zwischen B\u00f6hmen und Sachsen<\/li>\n\n\n\n<li>F\u00f6rderung der Besch\u00e4ftigung auf globaler Ebene<\/li>\n\n\n\n<li>Unterst\u00fctzung der sozialen Integration auf globaler Ebene<\/li>\n<\/ul>\n\n\n\n<p>Die neuen Programmplanungszeitr\u00e4ume beginnen zum Jahreswechsel 2021 und werden den Interessenten bis Juni vorgestellt. Aus diesem Grund stellen wir hier die Bereiche vor, die derzeit f\u00fcr eine F\u00f6rderung zur Verf\u00fcgung stehen:<\/p>\n\n\n\n<ul class=\"wp-block-list\">\n<li>Investitionen f\u00fcr die Entwicklung, den Erhalt und den Bau von Sportanlagen<\/li>\n\n\n\n<li>investice pro zlep\u0161en\u00ed energetick\u00e9 bilance rodinn\u00fdch dom\u016f (zateplov\u00e1n\u00ed, sol\u00e1rn\u00ed syst\u00e9my, hospoda\u0159en\u00ed s\u00a0vodou)<\/li>\n\n\n\n<li>F\u00f6rderung von Innovationen bei Produkten, Technologien, Verfahren, Steigerung des Absatzes<\/li>\n\n\n\n<li>Erwerb von Beratungs-, Experten- und Unterst\u00fctzungsleistungen im Bereich der Innovation von Forschungs- und Wissensverbreitungsorganisationen<\/li>\n\n\n\n<li>Unterst\u00fctzung innovativer Unternehmen - Bereitstellung von Dienstleistungen, Betrieben, R\u00e4umlichkeiten<\/li>\n\n\n\n<li>Unterst\u00fctzung des Wachstums und der St\u00e4rkung der Wettbewerbsf\u00e4higkeit von KMU durch digitale Transformation<\/li>\n\n\n\n<li>Unterst\u00fctzung der grenz\u00fcberschreitenden Zusammenarbeit zwischen B\u00f6hmen und Sachsen<\/li>\n<\/ul>\n\n\n\n<p>F\u00fcr den Erstkontakt f\u00fcllen Sie bitte den Fragebogen aus <a href=\"https:\/\/www.soledpro.cz\/de\/evropske-projekty\/predbezny-nezavazny-dotaznik\/\">Hier<\/a>.<\/p>","protected":false},"excerpt":{"rendered":"<p>T\u00fdm pro realizace konzultuje se sv\u00fdmi klienty a partnery mo\u017enost financov\u00e1n\u00ed jejich z\u00e1m\u011br\u016f prost\u0159ednictv\u00edm evropsk\u00fdch fond\u016f od roku 2003. Jsme zam\u011b\u0159eni na n\u00e1sleduj\u00edc\u00ed oblasti: Na p\u0159elomu roku 2021 startuj\u00ed nov\u00e1 programov\u00e1 obdob\u00ed, kter\u00e1 budou z\u00e1jemc\u016fm p\u0159edstavena do \u010dervna. Z&nbsp;tohoto d\u016fvodu zde prezentujeme oblasti, kter\u00e9 je aktu\u00e1ln\u011b mo\u017en\u00e9 financovat: Pro prvotn\u00ed kontakt pros\u00edm vypl\u0148te dotazn\u00edk zde.<\/p>","protected":false},"author":1,"featured_media":140,"parent":0,"menu_order":4,"comment_status":"closed","ping_status":"closed","template":"","meta":{"footnotes":""},"class_list":["post-153","page","type-page","status-publish","has-post-thumbnail","hentry"],"_links":{"self":[{"href":"https:\/\/www.soledpro.cz\/de\/wp-json\/wp\/v2\/pages\/153","targetHints":{"allow":["GET"]}}],"collection":[{"href":"https:\/\/www.soledpro.cz\/de\/wp-json\/wp\/v2\/pages"}],"about":[{"href":"https:\/\/www.soledpro.cz\/de\/wp-json\/wp\/v2\/types\/page"}],"author":[{"embeddable":true,"href":"https:\/\/www.soledpro.cz\/de\/wp-json\/wp\/v2\/users\/1"}],"replies":[{"embeddable":true,"href":"https:\/\/www.soledpro.cz\/de\/wp-json\/wp\/v2\/comments?post=153"}],"version-history":[{"count":10,"href":"https:\/\/www.soledpro.cz\/de\/wp-json\/wp\/v2\/pages\/153\/revisions"}],"predecessor-version":[{"id":1430,"href":"https:\/\/www.soledpro.cz\/de\/wp-json\/wp\/v2\/pages\/153\/revisions\/1430"}],"wp:featuredmedia":[{"embeddable":true,"href":"https:\/\/www.soledpro.cz\/de\/wp-json\/wp\/v2\/media\/140"}],"wp:attachment":[{"href":"https:\/\/www.soledpro.cz\/de\/wp-json\/wp\/v2\/media?parent=153"}],"curies":[{"name":"wp","href":"https:\/\/api.w.org\/{rel}","templated":true}]}}